{"id":1822,"date":"2020-10-06T18:44:40","date_gmt":"2020-10-06T21:44:40","guid":{"rendered":"https:\/\/giovanacarnavalli.com.br\/site\/?page_id=1822"},"modified":"2024-05-27T15:43:10","modified_gmt":"2024-05-27T18:43:10","slug":"outras-areas","status":"publish","type":"page","link":"https:\/\/carnavalliadvogados.com.br\/site\/outras-areas\/","title":{"rendered":"Outras \u00c1reas"},"content":{"rendered":"\t\t<div data-elementor-type=\"wp-page\" data-elementor-id=\"1822\" class=\"elementor elementor-1822\">\n\t\t\t\t\t\t<section class=\"elementor-section elementor-top-section elementor-element elementor-element-78e3951f elementor-section-boxed elementor-section-height-default elementor-section-height-default\" data-id=\"78e3951f\" data-element_type=\"section\">\n\t\t\t\t\t\t<div class=\"elementor-container elementor-column-gap-default\">\n\t\t\t\t\t<div class=\"elementor-column elementor-col-100 elementor-top-column elementor-element elementor-element-57572138\" data-id=\"57572138\" data-element_type=\"column\">\n\t\t\t<div class=\"elementor-widget-wrap elementor-element-populated\">\n\t\t\t\t\t\t<div class=\"elementor-element elementor-element-3db7548a elementor-widget elementor-widget-text-editor\" data-id=\"3db7548a\" data-element_type=\"widget\" data-widget_type=\"text-editor.default\">\n\t\t\t\t<div class=\"elementor-widget-container\">\n\t\t\t\t\t\t\t\t\t<p><strong>Abaixo segue nossos parceiros que atuam em outras \u00e1reas do direito.<\/strong><\/p>\t\t\t\t\t\t\t\t<\/div>\n\t\t\t\t<\/div>\n\t\t\t\t<div class=\"elementor-element elementor-element-7b5f4eb elementor-widget elementor-widget-toggle\" data-id=\"7b5f4eb\" data-element_type=\"widget\" data-widget_type=\"toggle.default\">\n\t\t\t\t<div class=\"elementor-widget-container\">\n\t\t\t\t\t\t\t<div class=\"elementor-toggle\">\n\t\t\t\t\t\t\t<div class=\"elementor-toggle-item\">\n\t\t\t\t\t<div id=\"elementor-tab-title-1291\" class=\"elementor-tab-title\" data-tab=\"1\" role=\"button\" aria-controls=\"elementor-tab-content-1291\" aria-expanded=\"false\">\n\t\t\t\t\t\t\t\t\t\t\t\t<span class=\"elementor-toggle-icon elementor-toggle-icon-left\" aria-hidden=\"true\">\n\t\t\t\t\t\t\t\t\t\t\t\t\t\t\t<span class=\"elementor-toggle-icon-closed\"><i class=\"fas fa-caret-right\"><\/i><\/span>\n\t\t\t\t\t\t\t\t<span class=\"elementor-toggle-icon-opened\"><i class=\"elementor-toggle-icon-opened fas fa-caret-up\"><\/i><\/span>\n\t\t\t\t\t\t\t\t\t\t\t\t\t<\/span>\n\t\t\t\t\t\t\t\t\t\t\t\t<a class=\"elementor-toggle-title\" tabindex=\"0\">Direito Penal Empresarial<\/a>\n\t\t\t\t\t<\/div>\n\n\t\t\t\t\t<div id=\"elementor-tab-content-1291\" class=\"elementor-tab-content elementor-clearfix\" data-tab=\"1\" role=\"region\" aria-labelledby=\"elementor-tab-title-1291\"><p><img decoding=\"async\" class=\"alignnone wp-image-1866\" src=\"https:\/\/giovanacarnavalli.com.br\/site\/wp-content\/uploads\/2020\/10\/Dr.Leandro.jpg\" alt=\"\" width=\"129\" height=\"135\" srcset=\"https:\/\/carnavalliadvogados.com.br\/site\/wp-content\/uploads\/2020\/10\/Dr.Leandro.jpg 467w, https:\/\/carnavalliadvogados.com.br\/site\/wp-content\/uploads\/2020\/10\/Dr.Leandro-289x300.jpg 289w\" sizes=\"(max-width: 129px) 100vw, 129px\" \/><\/p><p>Dr. Leandro<\/p><p>O Dr. Leandro Corr\u00eaa \u00e9 especializado em inqu\u00e9ritos policiais e a\u00e7\u00f5es penais em todas as inst\u00e2ncias, representando pessoas f\u00edsicas e jur\u00eddicas, com experi\u00eancia em crimes tribut\u00e1rios, contra o sistema financeiro, lavagem de dinheiro, evas\u00e3o de divisas, contra o meio ambiente, lei de licita\u00e7\u00f5es, contra a administra\u00e7\u00e3o p\u00fablica, contra a honra, fraudes, acidentes de trabalho, contra a sa\u00fade p\u00fablica, e tantos outros.<\/p><\/div>\n\t\t\t\t<\/div>\n\t\t\t\t\t\t\t<div class=\"elementor-toggle-item\">\n\t\t\t\t\t<div id=\"elementor-tab-title-1292\" class=\"elementor-tab-title\" data-tab=\"2\" role=\"button\" aria-controls=\"elementor-tab-content-1292\" aria-expanded=\"false\">\n\t\t\t\t\t\t\t\t\t\t\t\t<span class=\"elementor-toggle-icon elementor-toggle-icon-left\" aria-hidden=\"true\">\n\t\t\t\t\t\t\t\t\t\t\t\t\t\t\t<span class=\"elementor-toggle-icon-closed\"><i class=\"fas fa-caret-right\"><\/i><\/span>\n\t\t\t\t\t\t\t\t<span class=\"elementor-toggle-icon-opened\"><i class=\"elementor-toggle-icon-opened fas fa-caret-up\"><\/i><\/span>\n\t\t\t\t\t\t\t\t\t\t\t\t\t<\/span>\n\t\t\t\t\t\t\t\t\t\t\t\t<a class=\"elementor-toggle-title\" tabindex=\"0\">Direito Ambiental<\/a>\n\t\t\t\t\t<\/div>\n\n\t\t\t\t\t<div id=\"elementor-tab-content-1292\" class=\"elementor-tab-content elementor-clearfix\" data-tab=\"2\" role=\"region\" aria-labelledby=\"elementor-tab-title-1292\"><p><img decoding=\"async\" class=\"alignnone  wp-image-1867\" src=\"https:\/\/giovanacarnavalli.com.br\/site\/wp-content\/uploads\/2020\/10\/WhatsApp-Image-2020-10-27-at-00.48.01.jpeg\" alt=\"\" width=\"132\" height=\"132\" srcset=\"https:\/\/carnavalliadvogados.com.br\/site\/wp-content\/uploads\/2020\/10\/WhatsApp-Image-2020-10-27-at-00.48.01.jpeg 557w, https:\/\/carnavalliadvogados.com.br\/site\/wp-content\/uploads\/2020\/10\/WhatsApp-Image-2020-10-27-at-00.48.01-300x300.jpeg 300w, https:\/\/carnavalliadvogados.com.br\/site\/wp-content\/uploads\/2020\/10\/WhatsApp-Image-2020-10-27-at-00.48.01-150x150.jpeg 150w\" sizes=\"(max-width: 132px) 100vw, 132px\" \/><\/p><p>Dra. Barbara<\/p><p>A Dra Barbara atua no \u00e2mbito consultivo, contencioso, administrativo e judicial. Em cada trabalho desenvolvido em nosso escrit\u00f3rio, fornecemos todo suporte jur\u00eddico estrat\u00e9gico de forma a melhor conduzir as quest\u00f5es de licenciamento e passivos ambientais, de forma a minimizar riscos de responsabiliza\u00e7\u00e3o do cliente. A Dra. Barbara conduz com maestria as situa\u00e7\u00f5es que envolvem autoridades e \u00f3rg\u00e3os ambientais, Minist\u00e9rio P\u00fablico, IBAMA, IPHAN, FUNAI, ag\u00eancias estaduais e locais e demais intervenientes envolvidos.<\/p><\/div>\n\t\t\t\t<\/div>\n\t\t\t\t\t\t\t<div class=\"elementor-toggle-item\">\n\t\t\t\t\t<div id=\"elementor-tab-title-1293\" class=\"elementor-tab-title\" data-tab=\"3\" role=\"button\" aria-controls=\"elementor-tab-content-1293\" aria-expanded=\"false\">\n\t\t\t\t\t\t\t\t\t\t\t\t<span class=\"elementor-toggle-icon elementor-toggle-icon-left\" aria-hidden=\"true\">\n\t\t\t\t\t\t\t\t\t\t\t\t\t\t\t<span class=\"elementor-toggle-icon-closed\"><i class=\"fas fa-caret-right\"><\/i><\/span>\n\t\t\t\t\t\t\t\t<span class=\"elementor-toggle-icon-opened\"><i class=\"elementor-toggle-icon-opened fas fa-caret-up\"><\/i><\/span>\n\t\t\t\t\t\t\t\t\t\t\t\t\t<\/span>\n\t\t\t\t\t\t\t\t\t\t\t\t<a class=\"elementor-toggle-title\" tabindex=\"0\">Direito do Trabalho<\/a>\n\t\t\t\t\t<\/div>\n\n\t\t\t\t\t<div id=\"elementor-tab-content-1293\" class=\"elementor-tab-content elementor-clearfix\" data-tab=\"3\" role=\"region\" aria-labelledby=\"elementor-tab-title-1293\"><p><img decoding=\"async\" class=\"alignnone  wp-image-1868\" src=\"https:\/\/giovanacarnavalli.com.br\/site\/wp-content\/uploads\/2020\/10\/WhatsApp-Image-2020-10-07-at-17.33.40.jpeg\" alt=\"\" width=\"141\" height=\"141\" srcset=\"https:\/\/carnavalliadvogados.com.br\/site\/wp-content\/uploads\/2020\/10\/WhatsApp-Image-2020-10-07-at-17.33.40.jpeg 640w, https:\/\/carnavalliadvogados.com.br\/site\/wp-content\/uploads\/2020\/10\/WhatsApp-Image-2020-10-07-at-17.33.40-300x300.jpeg 300w, https:\/\/carnavalliadvogados.com.br\/site\/wp-content\/uploads\/2020\/10\/WhatsApp-Image-2020-10-07-at-17.33.40-150x150.jpeg 150w\" sizes=\"(max-width: 141px) 100vw, 141px\" \/><\/p><p>Dra. Isabel<\/p><p>A Dra. Isabel atua na defesa dos interesses dos nossos clientes nos setores contencioso judicial e administrativo, al\u00e9m de prestar consultoria preventiva atrav\u00e9s da avalia\u00e7\u00e3o dos riscos inerentes \u00e0s transa\u00e7\u00f5es pretendidas e elabora\u00e7\u00e3o de pareceres, versando sobre os mais diversos aspectos jur\u00eddicos pertinentes.<\/p><\/div>\n\t\t\t\t<\/div>\n\t\t\t\t\t\t\t<div class=\"elementor-toggle-item\">\n\t\t\t\t\t<div id=\"elementor-tab-title-1294\" class=\"elementor-tab-title\" data-tab=\"4\" role=\"button\" aria-controls=\"elementor-tab-content-1294\" aria-expanded=\"false\">\n\t\t\t\t\t\t\t\t\t\t\t\t<span class=\"elementor-toggle-icon elementor-toggle-icon-left\" aria-hidden=\"true\">\n\t\t\t\t\t\t\t\t\t\t\t\t\t\t\t<span class=\"elementor-toggle-icon-closed\"><i class=\"fas fa-caret-right\"><\/i><\/span>\n\t\t\t\t\t\t\t\t<span class=\"elementor-toggle-icon-opened\"><i class=\"elementor-toggle-icon-opened fas fa-caret-up\"><\/i><\/span>\n\t\t\t\t\t\t\t\t\t\t\t\t\t<\/span>\n\t\t\t\t\t\t\t\t\t\t\t\t<a class=\"elementor-toggle-title\" tabindex=\"0\">Direito Imobili\u00e1rio<\/a>\n\t\t\t\t\t<\/div>\n\n\t\t\t\t\t<div id=\"elementor-tab-content-1294\" class=\"elementor-tab-content elementor-clearfix\" data-tab=\"4\" role=\"region\" aria-labelledby=\"elementor-tab-title-1294\"><p>\u00a0<\/p><p><img loading=\"lazy\" decoding=\"async\" class=\"alignnone size-full wp-image-1582\" src=\"https:\/\/carnavalliadvogados.com.br\/site\/wp-content\/uploads\/2019\/12\/dra-ra.png\" alt=\"\" width=\"129\" height=\"160\" \/><\/p><p>Dra. Raquel Rabello<\/p><p>A Dra Raquel Rabello, det\u00e9m conhecimento t\u00e9cnico e jur\u00eddico sobre todas as mat\u00e9rias relacionadas ao setor imobili\u00e1rio, uma atua\u00e7\u00e3o r\u00e1pida e de qualidade, apresentando o diagn\u00f3stico da situa\u00e7\u00e3o e as solu\u00e7\u00f5es aos nossos clientes. Al\u00e9m disso realiza consultoria relacionada as estrutura\u00e7\u00f5es de neg\u00f3cios imobili\u00e1rios, realiza todo levantamento da documenta\u00e7\u00e3o fundi\u00e1ria, an\u00e1lise jur\u00eddica dos riscos do neg\u00f3cio, escritura, registro e impostos. Assim como averba\u00e7\u00f5es e buscas nos Cart\u00f3rios de Registro de Im\u00f3veis, organiza\u00e7\u00e3o, regulariza\u00e7\u00e3o e atualiza\u00e7\u00e3o de documenta\u00e7\u00e3o imobili\u00e1ria. E outros mais, para ter acesso a tudo que a Dra. Raquel pode lhe oferecer.<\/p><\/div>\n\t\t\t\t<\/div>\n\t\t\t\t\t\t\t<div class=\"elementor-toggle-item\">\n\t\t\t\t\t<div id=\"elementor-tab-title-1295\" class=\"elementor-tab-title\" data-tab=\"5\" role=\"button\" aria-controls=\"elementor-tab-content-1295\" aria-expanded=\"false\">\n\t\t\t\t\t\t\t\t\t\t\t\t<span class=\"elementor-toggle-icon elementor-toggle-icon-left\" aria-hidden=\"true\">\n\t\t\t\t\t\t\t\t\t\t\t\t\t\t\t<span class=\"elementor-toggle-icon-closed\"><i class=\"fas fa-caret-right\"><\/i><\/span>\n\t\t\t\t\t\t\t\t<span class=\"elementor-toggle-icon-opened\"><i class=\"elementor-toggle-icon-opened fas fa-caret-up\"><\/i><\/span>\n\t\t\t\t\t\t\t\t\t\t\t\t\t<\/span>\n\t\t\t\t\t\t\t\t\t\t\t\t<a class=\"elementor-toggle-title\" tabindex=\"0\">Direito Empresarial<\/a>\n\t\t\t\t\t<\/div>\n\n\t\t\t\t\t<div id=\"elementor-tab-content-1295\" class=\"elementor-tab-content elementor-clearfix\" data-tab=\"5\" role=\"region\" aria-labelledby=\"elementor-tab-title-1295\"><p><img loading=\"lazy\" decoding=\"async\" class=\"alignnone size-full wp-image-1870\" src=\"https:\/\/carnavalliadvogados.com.br\/site\/wp-content\/uploads\/2020\/10\/Junior-1.png\" alt=\"\" width=\"133\" height=\"160\" \/><\/p><p>Dr. Junior Rabello<\/p><\/div>\n\t\t\t\t<\/div>\n\t\t\t\t\t\t\t<div class=\"elementor-toggle-item\">\n\t\t\t\t\t<div id=\"elementor-tab-title-1296\" class=\"elementor-tab-title\" data-tab=\"6\" role=\"button\" aria-controls=\"elementor-tab-content-1296\" aria-expanded=\"false\">\n\t\t\t\t\t\t\t\t\t\t\t\t<span class=\"elementor-toggle-icon elementor-toggle-icon-left\" aria-hidden=\"true\">\n\t\t\t\t\t\t\t\t\t\t\t\t\t\t\t<span class=\"elementor-toggle-icon-closed\"><i class=\"fas fa-caret-right\"><\/i><\/span>\n\t\t\t\t\t\t\t\t<span class=\"elementor-toggle-icon-opened\"><i class=\"elementor-toggle-icon-opened fas fa-caret-up\"><\/i><\/span>\n\t\t\t\t\t\t\t\t\t\t\t\t\t<\/span>\n\t\t\t\t\t\t\t\t\t\t\t\t<a class=\"elementor-toggle-title\" tabindex=\"0\">Direito Civil<\/a>\n\t\t\t\t\t<\/div>\n\n\t\t\t\t\t<div id=\"elementor-tab-content-1296\" class=\"elementor-tab-content elementor-clearfix\" data-tab=\"6\" role=\"region\" aria-labelledby=\"elementor-tab-title-1296\"><p>Dr. Pablo<\/p><p>Dr. Pablo tem ampla experi\u00eancia em processos c\u00edveis em todas as inst\u00e2ncias judici\u00e1rias, notadamente: responsabilidade civil, cobran\u00e7a de cr\u00e9ditos, direito do consumidor, direito de fam\u00edlia e sucess\u00f3rio, a\u00e7\u00f5es possess\u00f3ria, medidas cautelares e tutelas antecipadas visando o n\u00e3o perecimento do direito sob resguardo.<\/p><\/div>\n\t\t\t\t<\/div>\n\t\t\t\t\t\t\t\t<\/div>\n\t\t\t\t\t\t<\/div>\n\t\t\t\t<\/div>\n\t\t\t\t\t<\/div>\n\t\t<\/div>\n\t\t\t\t\t<\/div>\n\t\t<\/section>\n\t\t\t\t<\/div>\n\t\t","protected":false},"excerpt":{"rendered":"<p>Abaixo segue nossos parceiros que atuam em outras \u00e1reas do direito. Direito Penal Empresarial Dr. Leandro O Dr. Leandro Corr\u00eaa \u00e9 especializado em inqu\u00e9ritos policiais e a\u00e7\u00f5es penais em todas &#8230;<\/p>\n","protected":false},"author":1,"featured_media":0,"parent":0,"menu_order":0,"comment_status":"closed","ping_status":"closed","template":"template-fullwidth.php","meta":{"footnotes":""},"class_list":["post-1822","page","type-page","status-publish","hentry"],"_links":{"self":[{"href":"https:\/\/carnavalliadvogados.com.br\/site\/wp-json\/wp\/v2\/pages\/1822","targetHints":{"allow":["GET"]}}],"collection":[{"href":"https:\/\/carnavalliadvogados.com.br\/site\/wp-json\/wp\/v2\/pages"}],"about":[{"href":"https:\/\/carnavalliadvogados.com.br\/site\/wp-json\/wp\/v2\/types\/page"}],"author":[{"embeddable":true,"href":"https:\/\/carnavalliadvogados.com.br\/site\/wp-json\/wp\/v2\/users\/1"}],"replies":[{"embeddable":true,"href":"https:\/\/carnavalliadvogados.com.br\/site\/wp-json\/wp\/v2\/comments?post=1822"}],"version-history":[{"count":14,"href":"https:\/\/carnavalliadvogados.com.br\/site\/wp-json\/wp\/v2\/pages\/1822\/revisions"}],"predecessor-version":[{"id":1936,"href":"https:\/\/carnavalliadvogados.com.br\/site\/wp-json\/wp\/v2\/pages\/1822\/revisions\/1936"}],"wp:attachment":[{"href":"https:\/\/carnavalliadvogados.com.br\/site\/wp-json\/wp\/v2\/media?parent=1822"}],"curies":[{"name":"wp","href":"https:\/\/api.w.org\/{rel}","templated":true}]}}